{"id":1092,"date":"2014-07-22T15:38:00","date_gmt":"2014-07-22T15:38:00","guid":{"rendered":"http:\/\/www.nemus.pt\/?page_id=1092"},"modified":"2018-12-06T18:06:54","modified_gmt":"2018-12-06T18:06:54","slug":"a-b","status":"publish","type":"page","link":"https:\/\/www.nemus.pt\/en\/a-nemus\/clientes-e-parceiros\/a-b\/","title":{"rendered":"A \u2013 B"},"content":{"rendered":"<p>2ARQ \u2013 Arquitectura e Exteriores, Lda.<br \/>\nAcestrada \u2013 Constru\u00e7\u00e3o de Estradas ACE<br \/>\nADARQUI \u2013 Atelier Difusor de Arquitectura, Lda.<br \/>\nAdministra\u00e7\u00e3o da Regi\u00e3o Hidrogr\u00e1fica do Alentejo, I.P.<br \/>\nAdministra\u00e7\u00e3o da Regi\u00e3o Hidrogr\u00e1fica do Algarve, I.P.<br \/>\nAdministra\u00e7\u00e3o da Regi\u00e3o Hidrogr\u00e1fica do Tejo, I.P.<br \/>\nAdministra\u00e7\u00e3o do Porto de Aveiro, S.A.<br \/>\nAdministra\u00e7\u00e3o do Porto de Lisboa, S.A.<br \/>\nAdministra\u00e7\u00e3o dos Portos da Madeira, S.A.<br \/>\nAdministra\u00e7\u00e3o dos Portos de S. Miguel e Santa Maria, S.A.<br \/>\nAdministra\u00e7\u00e3o dos Portos de Set\u00fabal e Sesimbra, S.A.<br \/>\nAdministra\u00e7\u00e3o dos Portos do Douro e Leix\u00f5es, S.A.<br \/>\nAdministra\u00e7\u00e3o dos Portos do Tri\u00e2ngulo e do Grupo Ocidental, S.A.<br \/>\nAdministra\u00e7\u00e3o Nacional de Estradas de Mo\u00e7ambique<br \/>\nAFAPLAN \u2013 Planeamento e Gest\u00e3o de Projectos, S.A.<br \/>\nAg\u00eancia Peixe Vivo<br \/>\nAGRO GES \u2013 Sociedade de Estudos e Projectos<br \/>\n\u00c1guas do Algarve, S.A.<br \/>\nAlmada de Ouro \u2013 Investimentos Tur\u00edsticos, Lda.<br \/>\nAmorim Turismo<br \/>\nANA Aeroportos de Portugal<br \/>\nAPA &#8211; Ag\u00eancia Portuguesa do Ambiente<br \/>\nAquapura Monsaraz \u2013 Investimentos Tur\u00edsticos e Imobili\u00e1rios, S.A<br \/>\nARPAS \u2013 Arquitectos Paisag\u00edstas Associados, Lda.<br \/>\nArquitectos Louren\u00e7o Gomes, Lda.<br \/>\nARX Portugal Arquitectos, Lda.<br \/>\nAssocia\u00e7\u00e3o de Munic\u00edpios da Terra Fria do Nordeste Transmontano<br \/>\nAtelier Costa Lopes Arquitectos<br \/>\nAtelier de Arquitectura Vitor Figueiredo, Lda.<br \/>\nBaixa \u2013 Atelier de Arquitectura<br \/>\nBanco Privado Portugu\u00eas (BPP)<br \/>\nBanco Portugu\u00eas de Neg\u00f3cios (BPN)<br \/>\nBatista \u2013 Reciclagem de Sucatas, S.A.<br \/>\nBenagil \u2013 Realiza\u00e7\u00f5es Tur\u00edsticas, S.A.<br \/>\nBest Development Group LLC<br \/>\nBeta \u2013 Engenharia, Gest\u00e3o e Ambiente, Lda.<br \/>\nBetar \u2013 Consultores, Lda.<br \/>\nBiodesign \u2013 Arquitectura Paisagista, Planeamento e Consultadoria Ambiental<br \/>\nBogaris Retail Por, S.A.<br \/>\nBraskem<br \/>\nBreugma \u2013 Sociedade de Gest\u00e3o e Empreendimentos Imobili\u00e1rios, S.A.<\/p>\n","protected":false},"excerpt":{"rendered":"<p>2ARQ \u2013 Arquitectura e Exteriores, Lda. Acestrada \u2013 Constru\u00e7\u00e3o de Estradas ACE ADARQUI \u2013 Atelier Difusor de Arquitectura, Lda. Administra\u00e7\u00e3o da Regi\u00e3o Hidrogr\u00e1fica do Alentejo, I.P. Administra\u00e7\u00e3o da Regi\u00e3o Hidrogr\u00e1fica do Algarve, I.P. Administra\u00e7\u00e3o da Regi\u00e3o Hidrogr\u00e1fica do Tejo, I.P. &#8230;<\/p>\n","protected":false},"author":3,"featured_media":0,"parent":142,"menu_order":1,"comment_status":"closed","ping_status":"closed","template":"","meta":{"_acf_changed":false,"footnotes":""},"class_list":["post-1092","page","type-page","status-publish","hentry"],"acf":[],"_links":{"self":[{"href":"https:\/\/www.nemus.pt\/en\/wp-json\/wp\/v2\/pages\/1092","targetHints":{"allow":["GET"]}}],"collection":[{"href":"https:\/\/www.nemus.pt\/en\/wp-json\/wp\/v2\/pages"}],"about":[{"href":"https:\/\/www.nemus.pt\/en\/wp-json\/wp\/v2\/types\/page"}],"author":[{"embeddable":true,"href":"https:\/\/www.nemus.pt\/en\/wp-json\/wp\/v2\/users\/3"}],"replies":[{"embeddable":true,"href":"https:\/\/www.nemus.pt\/en\/wp-json\/wp\/v2\/comments?post=1092"}],"version-history":[{"count":0,"href":"https:\/\/www.nemus.pt\/en\/wp-json\/wp\/v2\/pages\/1092\/revisions"}],"up":[{"embeddable":true,"href":"https:\/\/www.nemus.pt\/en\/wp-json\/wp\/v2\/pages\/142"}],"wp:attachment":[{"href":"https:\/\/www.nemus.pt\/en\/wp-json\/wp\/v2\/media?parent=1092"}],"curies":[{"name":"wp","href":"https:\/\/api.w.org\/{rel}","templated":true}]}}