{"id":1197,"date":"2014-07-23T10:50:44","date_gmt":"2014-07-23T10:50:44","guid":{"rendered":"http:\/\/www.nemus.pt\/?page_id=1197"},"modified":"2014-11-03T19:50:02","modified_gmt":"2014-11-03T19:50:02","slug":"monitorizacao-do-programa-polis-no-cacem","status":"publish","type":"page","link":"https:\/\/www.nemus.pt\/pt\/projetos\/desenvolvimento-sustentavel\/monitorizacao-do-programa-polis-no-cacem\/","title":{"rendered":"Monitoriza\u00e7\u00e3o do Programa Polis no Cac\u00e9m, Portugal"},"content":{"rendered":"<p>A Nemus conduziu um conjunto de estudos para estimar o balan\u00e7o ambiental das interven\u00e7\u00f5es realizadas pelo programa Polis na cidade de Agualva-Cac\u00e9m e monitorizar a qualidade do ar, da \u00e1gua e ac\u00fastica do ambiente.<\/p>\n<p>A monitoriza\u00e7\u00e3o envolveu a colheita e an\u00e1lise de amostras de \u00e1gua, a medi\u00e7\u00e3o de poluentes atmosf\u00e9ricos atrav\u00e9s da instala\u00e7\u00e3o local de um laborat\u00f3rio m\u00f3vel, a medi\u00e7\u00e3o de ru\u00eddo ambiente e a elabora\u00e7\u00e3o de mapas de ru\u00eddo para a situa\u00e7\u00e3o pr\u00e9 e p\u00f3s-interven\u00e7\u00e3o. Os estudos de opini\u00e3o basearam-se em entrevistas com residentes e representantes das atividades econ\u00f3micas locais.<\/p>\n<p>O Programa Polis \u00e9 uma opera\u00e7\u00e3o integrada de requalifica\u00e7\u00e3o e valoriza\u00e7\u00e3o ambiental para melhorar a qualidade do ambiente urbano. A colabora\u00e7\u00e3o da Nemus estendeu-se por sete anos, proporcionando um acompanhamento regular e consistente das condi\u00e7\u00f5es ambientais na zona desde a fase de pr\u00e9-interven\u00e7\u00e3o.<\/p>\n<p>O \u00eaxito da abordagem e dos resultados obtidos levaram \u00e0 realiza\u00e7\u00e3o de trabalho semelhante para a PolisAlbufeira e de um conjunto de outras interven\u00e7\u00f5es para Sociedades Polis e para a ParqueEXPO, empresa p\u00fablica promotora da Exposi\u00e7\u00e3o Universal de Lisboa de 1998, posteriormente reconvertida para dinamizar projetos de planeamento e regenera\u00e7\u00e3o urbana.<\/p>","protected":false},"excerpt":{"rendered":"<p>A Nemus conduziu um conjunto de estudos para estimar o balan\u00e7o ambiental das interven\u00e7\u00f5es realizadas pelo programa Polis na cidade de Agualva-Cac\u00e9m e monitorizar a qualidade do ar, da \u00e1gua e ac\u00fastica do ambiente. A monitoriza\u00e7\u00e3o envolveu a colheita e &#8230;<\/p>\n","protected":false},"author":3,"featured_media":2219,"parent":175,"menu_order":5,"comment_status":"open","ping_status":"closed","template":"","meta":{"_acf_changed":false,"footnotes":""},"class_list":["post-1197","page","type-page","status-publish","has-post-thumbnail","hentry"],"acf":[],"_links":{"self":[{"href":"https:\/\/www.nemus.pt\/pt\/wp-json\/wp\/v2\/pages\/1197","targetHints":{"allow":["GET"]}}],"collection":[{"href":"https:\/\/www.nemus.pt\/pt\/wp-json\/wp\/v2\/pages"}],"about":[{"href":"https:\/\/www.nemus.pt\/pt\/wp-json\/wp\/v2\/types\/page"}],"author":[{"embeddable":true,"href":"https:\/\/www.nemus.pt\/pt\/wp-json\/wp\/v2\/users\/3"}],"replies":[{"embeddable":true,"href":"https:\/\/www.nemus.pt\/pt\/wp-json\/wp\/v2\/comments?post=1197"}],"version-history":[{"count":0,"href":"https:\/\/www.nemus.pt\/pt\/wp-json\/wp\/v2\/pages\/1197\/revisions"}],"up":[{"embeddable":true,"href":"https:\/\/www.nemus.pt\/pt\/wp-json\/wp\/v2\/pages\/175"}],"wp:featuredmedia":[{"embeddable":true,"href":"https:\/\/www.nemus.pt\/pt\/wp-json\/wp\/v2\/media\/2219"}],"wp:attachment":[{"href":"https:\/\/www.nemus.pt\/pt\/wp-json\/wp\/v2\/media?parent=1197"}],"curies":[{"name":"wp","href":"https:\/\/api.w.org\/{rel}","templated":true}]}}